{"id":27,"date":"2020-05-27T07:48:08","date_gmt":"2020-05-27T07:48:08","guid":{"rendered":"http:\/\/edw.ceit.be\/?page_id=27"},"modified":"2020-10-01T06:19:48","modified_gmt":"2020-10-01T06:19:48","slug":"location","status":"publish","type":"page","link":"https:\/\/edw-formation.be\/?page_id=27","title":{"rendered":"Location"},"content":{"rendered":"\n<p>Notre \u00e9tablissement offre des espaces de locations id\u00e9aux pour vos \u00e9v\u00e9nements :<\/p>\n\n\n\n<ul><li>De la formation \u00e0 la r\u00e9union de travail<\/li><li>De la r\u00e9union du personnel au team-building avanc\u00e9<\/li><li>De l&rsquo;organisation ponctuelle la f\u00eate du personnel<\/li><li>&#8230;<\/li><\/ul>\n\n\n\n<figure class=\"wp-block-image size-full EDW_IMG_FULLWIDTH\"><img loading=\"lazy\" width=\"1416\" height=\"688\" src=\"http:\/\/edw.ceit.be\/wp-content\/uploads\/2020\/09\/20200717_210004_resized.jpg\" alt=\"\" class=\"wp-image-301 EDW_IMG_FULLWIDTH EDW_IMG_SHADOW\" srcset=\"https:\/\/edw-formation.be\/wp-content\/uploads\/2020\/09\/20200717_210004_resized.jpg 1416w, https:\/\/edw-formation.be\/wp-content\/uploads\/2020\/09\/20200717_210004_resized-300x146.jpg 300w, https:\/\/edw-formation.be\/wp-content\/uploads\/2020\/09\/20200717_210004_resized-1024x498.jpg 1024w, https:\/\/edw-formation.be\/wp-content\/uploads\/2020\/09\/20200717_210004_resized-768x373.jpg 768w\" sizes=\"(max-width: 1416px) 100vw, 1416px\" \/><\/figure>\n\n\n\n<h2>Situation g\u00e9ographique<\/h2>\n\n\n\n<p>Notre \u00e9tablissement est id\u00e9alement implant\u00e9, \u00e0 la sortie 21 sur la E42.<br>A 19km de Mons (17\u2019), \u00e0 32km de Charleroi (21\u2019), \u00e0 53km de Bruxelles (51\u2019), \u00e0 113km de Li\u00e8ge (67\u2019).<\/p>\n\n\n\n<h2>Parking <\/h2>\n\n\n\n<figure class=\"wp-block-image size-large EDW_IMG_FULLWIDTH\"><img loading=\"lazy\" width=\"1024\" height=\"332\" src=\"http:\/\/edw.ceit.be\/wp-content\/uploads\/2020\/09\/20200831_155703_resized-1024x332.jpg\" alt=\"\" class=\"wp-image-298 EDW_IMG_FULLWIDTH EDW_IMG_SHADOW\" srcset=\"https:\/\/edw-formation.be\/wp-content\/uploads\/2020\/09\/20200831_155703_resized-1024x332.jpg 1024w, https:\/\/edw-formation.be\/wp-content\/uploads\/2020\/09\/20200831_155703_resized-300x97.jpg 300w, https:\/\/edw-formation.be\/wp-content\/uploads\/2020\/09\/20200831_155703_resized-768x249.jpg 768w, https:\/\/edw-formation.be\/wp-content\/uploads\/2020\/09\/20200831_155703_resized-1536x498.jpg 1536w, https:\/\/edw-formation.be\/wp-content\/uploads\/2020\/09\/20200831_155703_resized-2048x664.jpg 2048w\" sizes=\"(max-width: 1024px) 100vw, 1024px\" \/><\/figure>\n\n\n\n<p>Un parking ais\u00e9 est le gage d\u2019un accueil optimalis\u00e9. L\u2019acc\u00e8s y est \u00e9galement possible le samedi.<\/p>\n\n\n\n<h2>Salles et espaces<\/h2>\n\n\n\n<p>Nous avons cr\u00e9\u00e9 un centre accueillant, afin de vous permettre de b\u00e9n\u00e9ficier<br>d\u2019un complexe de salles pouvant correspondre \u00e0 vos multiples attentes.<br>La disposition des salles et de leurs acc\u00e8s est le fruit d\u2019une longue r\u00e9flexion,<br>tout est mis en oeuvre pour cr\u00e9er une atmosph\u00e8re empreinte de s\u00e9r\u00e9nit\u00e9.<br>Le vaste hall d\u2019accueil est \u00e9galement l\u2019endroit id\u00e9al pour \u00e9changer, partager et faire connaissance.<\/p>\n\n\n\n<figure class=\"wp-block-image size-large EDW_IMG_FULLWIDTH\"><img loading=\"lazy\" width=\"1024\" height=\"423\" src=\"http:\/\/edw.ceit.be\/wp-content\/uploads\/2020\/09\/20200831_151548_resized-1024x423.jpg\" alt=\"\" class=\"wp-image-296 EDW_IMG_FULLWIDTH EDW_IMG_SHADOW\" srcset=\"https:\/\/edw-formation.be\/wp-content\/uploads\/2020\/09\/20200831_151548_resized-1024x423.jpg 1024w, https:\/\/edw-formation.be\/wp-content\/uploads\/2020\/09\/20200831_151548_resized-300x124.jpg 300w, https:\/\/edw-formation.be\/wp-content\/uploads\/2020\/09\/20200831_151548_resized-768x317.jpg 768w, https:\/\/edw-formation.be\/wp-content\/uploads\/2020\/09\/20200831_151548_resized-1536x634.jpg 1536w, https:\/\/edw-formation.be\/wp-content\/uploads\/2020\/09\/20200831_151548_resized.jpg 1860w\" sizes=\"(max-width: 1024px) 100vw, 1024px\" \/><\/figure>\n\n\n\n<figure class=\"wp-block-image size-large EDW_IMG_FULLWIDTH\"><img loading=\"lazy\" width=\"1024\" height=\"321\" src=\"http:\/\/edw.ceit.be\/wp-content\/uploads\/2020\/09\/20200831_151704_resized-1024x321.jpg\" alt=\"\" class=\"wp-image-299 EDW_IMG_FULLWIDTH EDW_IMG_SHADOW\" srcset=\"https:\/\/edw-formation.be\/wp-content\/uploads\/2020\/09\/20200831_151704_resized-1024x321.jpg 1024w, https:\/\/edw-formation.be\/wp-content\/uploads\/2020\/09\/20200831_151704_resized-300x94.jpg 300w, https:\/\/edw-formation.be\/wp-content\/uploads\/2020\/09\/20200831_151704_resized-768x241.jpg 768w, https:\/\/edw-formation.be\/wp-content\/uploads\/2020\/09\/20200831_151704_resized-1536x482.jpg 1536w, https:\/\/edw-formation.be\/wp-content\/uploads\/2020\/09\/20200831_151704_resized-2048x643.jpg 2048w\" sizes=\"(max-width: 1024px) 100vw, 1024px\" \/><\/figure>\n\n\n\n<p>Le b\u00e2timent a \u00e9t\u00e9 con\u00e7u de telle mani\u00e8re que des espaces soient r\u00e9serv\u00e9s pour des discussions.<\/p>\n\n\n\n<figure class=\"wp-block-image size-large EDW_IMG_FULLWIDTH\"><img loading=\"lazy\" width=\"1024\" height=\"498\" src=\"http:\/\/edw.ceit.be\/wp-content\/uploads\/2020\/09\/20200831_140200_resized-1024x498.jpg\" alt=\"\" class=\"wp-image-300 EDW_IMG_FULLWIDTH EDW_IMG_SHADOW\" srcset=\"https:\/\/edw-formation.be\/wp-content\/uploads\/2020\/09\/20200831_140200_resized-1024x498.jpg 1024w, https:\/\/edw-formation.be\/wp-content\/uploads\/2020\/09\/20200831_140200_resized-300x146.jpg 300w, https:\/\/edw-formation.be\/wp-content\/uploads\/2020\/09\/20200831_140200_resized-768x373.jpg 768w, https:\/\/edw-formation.be\/wp-content\/uploads\/2020\/09\/20200831_140200_resized.jpg 1416w\" sizes=\"(max-width: 1024px) 100vw, 1024px\" \/><\/figure>\n\n\n\n<p>Les temps de pause sont ainsi mis \u00e0 profit pour entamer de nouvelles r\u00e9flexions, des questions<br>sur les sujets abord\u00e9s peuvent \u00e9galement \u00eatre d\u00e9battus entre les intervenants.<\/p>\n\n\n\n<h2>Espaces de formations<\/h2>\n\n\n\n<figure class=\"wp-block-image size-large EDW_IMG_FULLWIDTH\"><img loading=\"lazy\" width=\"1024\" height=\"399\" src=\"http:\/\/edw.ceit.be\/wp-content\/uploads\/2020\/09\/20200831_155523_resized-1024x399.jpg\" alt=\"\" class=\"wp-image-297 EDW_IMG_FULLWIDTH EDW_IMG_SHADOW\" srcset=\"https:\/\/edw-formation.be\/wp-content\/uploads\/2020\/09\/20200831_155523_resized-1024x399.jpg 1024w, https:\/\/edw-formation.be\/wp-content\/uploads\/2020\/09\/20200831_155523_resized-300x117.jpg 300w, https:\/\/edw-formation.be\/wp-content\/uploads\/2020\/09\/20200831_155523_resized-768x299.jpg 768w, https:\/\/edw-formation.be\/wp-content\/uploads\/2020\/09\/20200831_155523_resized-1536x599.jpg 1536w, https:\/\/edw-formation.be\/wp-content\/uploads\/2020\/09\/20200831_155523_resized.jpg 2032w\" sizes=\"(max-width: 1024px) 100vw, 1024px\" \/><\/figure>\n\n\n\n<h2>Services<\/h2>\n\n\n\n<p>D\u00e8s l\u2019entr\u00e9e, tout est organis\u00e9 de mani\u00e8re optimale pour \u00e9viter des pertes de temps.<\/p>\n\n\n\n<p>La num\u00e9rotation des salles, renforc\u00e9e par une signalisation id\u00e9ale,<br>conforte la qualit\u00e9 des infrastructures.<br>Des salles adapt\u00e9es et adaptables: diff\u00e9rents formats de salles sont disponibles.<\/p>\n\n\n\n<p>Toutes les salles b\u00e9n\u00e9ficient d\u2019un environnement multim\u00e9dia.<br>On y retrouve des r\u00e9troprojecteurs directs, des tableaux interactifs et une connection Wi-Fi.<\/p>\n\n\n\n<p>Elles peuvent r\u00e9pondre aux demandes les plus courantes<br>selon le nombre de participants<br>ou la disposition particuli\u00e8re souhait\u00e9e.<\/p>\n\n\n\n<p>Le mobilier moderne garanti le confort des utilisateurs.<br>Les salles sont bien entendu toujours nettoy\u00e9es et remises en ordre apr\u00e8s chaque utilisation.<\/p>\n","protected":false},"excerpt":{"rendered":"<p>Notre \u00e9tablissement offre des espaces de locations id\u00e9aux pour vos \u00e9v\u00e9nements : De la formation \u00e0 la r\u00e9union de travail De la r\u00e9union du personnel au team-building avanc\u00e9 De l&rsquo;organisation ponctuelle la f\u00eate du personnel &#8230; Situation g\u00e9ographique Notre \u00e9tablissement est id\u00e9alement implant\u00e9, \u00e0 la sortie 21 sur la E42.A 19km de Mons (17\u2019), \u00e0 [&hellip;]<\/p>\n","protected":false},"author":1,"featured_media":0,"parent":0,"menu_order":0,"comment_status":"closed","ping_status":"closed","template":"","meta":[],"_links":{"self":[{"href":"https:\/\/edw-formation.be\/index.php?rest_route=\/wp\/v2\/pages\/27"}],"collection":[{"href":"https:\/\/edw-formation.be\/index.php?rest_route=\/wp\/v2\/pages"}],"about":[{"href":"https:\/\/edw-formation.be\/index.php?rest_route=\/wp\/v2\/types\/page"}],"author":[{"embeddable":true,"href":"https:\/\/edw-formation.be\/index.php?rest_route=\/wp\/v2\/users\/1"}],"replies":[{"embeddable":true,"href":"https:\/\/edw-formation.be\/index.php?rest_route=%2Fwp%2Fv2%2Fcomments&post=27"}],"version-history":[{"count":14,"href":"https:\/\/edw-formation.be\/index.php?rest_route=\/wp\/v2\/pages\/27\/revisions"}],"predecessor-version":[{"id":386,"href":"https:\/\/edw-formation.be\/index.php?rest_route=\/wp\/v2\/pages\/27\/revisions\/386"}],"wp:attachment":[{"href":"https:\/\/edw-formation.be\/index.php?rest_route=%2Fwp%2Fv2%2Fmedia&parent=27"}],"curies":[{"name":"wp","href":"https:\/\/api.w.org\/{rel}","templated":true}]}}